{"id":1325,"date":"2022-07-29T21:48:02","date_gmt":"2022-07-29T19:48:02","guid":{"rendered":"http:\/\/www.swjanzakrzow.archidiecezja.wroc.pl\/?page_id=1325"},"modified":"2022-07-29T21:48:02","modified_gmt":"2022-07-29T19:48:02","slug":"przynaleznosc-do-parafii","status":"publish","type":"page","link":"http:\/\/www.swjanzakrzow.archidiecezja.wroc.pl\/?page_id=1325","title":{"rendered":"Przynale\u017cno\u015b\u0107 do parafii"},"content":{"rendered":"<p><strong>Zapisanie si\u0119 do parafii<\/strong><\/p>\n<p style=\"text-align: justify;\">Parafie w Polsce maj\u0105 charakter terytorialny, w takim znaczeniu, \u017ce do parafii nale\u017c\u0105 wszystkie osoby, kt\u00f3re zamieszkuj\u0105 w jej granicach administracyjnych. Chodzi tu nie tyle o zameldowanie (co wiemy z do\u015bwiadczenia cz\u0119sto jest fikcj\u0105), ale o faktyczne zamieszkanie. To sta\u0142e lub tymczasowe zamieszkanie traci si\u0119 przez odej\u015bcie z miejsca po\u0142\u0105czone z zamiarem nie powracania (por. kan. 106 KPK).<\/p>\n<p style=\"text-align: justify;\">Zatem moj\u0105 parafi\u0105 jest ta, na kt\u00f3rej terenie obecnie mieszkam (od min. 3 miesi\u0119cy) i proboszcz tej parafii jest moim duszpasterzem.<\/p>\n<p style=\"text-align: justify;\">Jest dobrym zwyczajem zg\u0142aszanie si\u0119 nowych parafian do biura parafialnego w\u00a0celu \u201ezapisania si\u0119\u201d w swojej parafii. Okazj\u0105 do tego \u201ezapisania si\u0119\u201d s\u0105 odwiedziny duszpasterskie, czyli kol\u0119da, kiedy to duszpasterz wychodzi nijako naprzeciw swoich nowych parafian. St\u0105d min. bardzo wa\u017cna jest obecno\u015b\u0107 wiernych podczas wizyty duszpasterskiej, jako potwierdzenie przebywania na terytorium parafii.<\/p>\n<p style=\"text-align: justify;\">S\u0142owo \u201ezapisa\u0107 si\u0119\u201d zosta\u0142o zaznaczone w cudzys\u0142owie, poniewa\u017c nie od tego aktu zale\u017cy przynale\u017cno\u015b\u0107 do parafii, ale od rzeczywistego zamieszkania.\u00a0W owym \u201ezapisaniu si\u0119\u201d chodzi raczej o przyznanie si\u0119 do swojej parafii, tak by w odpowiednich sytuacjach parafia mog\u0142a przyzna\u0107 si\u0119 do swego parafianina czy parafianki, a m\u00f3wi\u0105c dok\u0142adniej, aby proboszcz tej parafii m\u00f3g\u0142 w spos\u00f3b odpowiedzialny wystawi\u0107 opini\u0119 dotycz\u0105c\u0105 praktyk czy moralno\u015bci swoim parafianom. Opini\u0119 t\u0119 jednak b\u0119dzie w stanie wystawi\u0107, je\u015bli b\u0119dzie mia\u0142 mo\u017cliwo\u015b\u0107 pozna\u0107 swoich parafian.<\/p>\n<p style=\"text-align: justify;\">Prawo Kanoniczne nie pos\u0142uguje si\u0119 poj\u0119ciem \u201ezameldowania\u201d. Przynale\u017cno\u015b\u0107 do parafii zale\u017cy od \u201ezamieszkania\u201d czyli faktycznego przebywania na terytorium parafii. Dlatego wszelkie formalno\u015bci dotycz\u0105ce udzielania sakrament\u00f3w chrztu, I komunii \u015bw., bierzmowania, ma\u0142\u017ce\u0144stwa oraz celebracji pogrzebu katolickiego s\u0105 prowadzone zgodnie z przepisami Prawa Kanoniczego czyli wg zamieszkania w parafii.<\/p>\n<p>Kodeks Prawa Kanonicznego:<\/p>\n<p><strong>Kan. 515<\/strong><\/p>\n<ul>\n<li><strong> 1.<\/strong>Parafia jest okre\u015blon\u0105 wsp\u00f3lnot\u0105 wiernych, utworzon\u0105 na spos\u00f3b sta\u0142y w Ko\u015bciele partykularnym, nad kt\u00f3r\u0105 pastersk\u0105 piecz\u0119, pod w\u0142adz\u0105 biskupa diecezjalnego, powierza si\u0119 proboszczowi jako jej w\u0142asnemu pasterzowi.<\/li>\n<\/ul>\n<p><strong>Kan. 518<\/strong>\u00a0\u2013 Z zasady og\u00f3lnej parafia powinna by\u0107 terytorialna, a wi\u0119c obejmuj\u0105ca wszystkich wiernych okre\u015blonego terytorium. (&#8230;)<\/p>\n<p><strong>Kan. 102\u00a0<\/strong><\/p>\n<ul>\n<li><strong> 1.<\/strong>Zamieszkanie sta\u0142e nabywa si\u0119 takim przebywaniem na terytorium jakiej\u015b parafii lub przynajmniej diecezji, kt\u00f3re albo jest po\u0142\u0105czone z zamiarem pozostania tam na sta\u0142e, je\u015bli nic stamt\u0105d nie odwo\u0142a, albo trwa\u0142o przez pe\u0142nych pi\u0119\u0107 lat.<\/li>\n<li><strong> 2.<\/strong>Tymczasowe zamieszkanie nabywa si\u0119 przez takie przebywanie na terenie jakiej\u015b parafii lub przynajmniej diecezji, kt\u00f3re albo jest po\u0142\u0105czone z zamiarem pozostania tam przynajmniej przez trzy miesi\u0105ce, je\u015bli nic stamt\u0105d nie odwo\u0142a, albo przed\u0142u\u017cy\u0142o si\u0119 rzeczywi\u015bcie do trzech miesi\u0119cy.<\/li>\n<li><strong> 3.<\/strong>Sta\u0142e lub tymczasowe zamieszkanie na terenie parafii nazywa si\u0119 parafialnym; na terenie diecezji \u2013 chocia\u017cby nie w parafii \u2013 diecezjalnym.<\/li>\n<\/ul>\n<p><strong>Kan. 107<\/strong><\/p>\n<ul>\n<li><strong> 1.<\/strong>Zar\u00f3wno przez zamieszkanie sta\u0142e jak i tymczasowe, ka\u017cdy uzyskuje w\u0142asnego proboszcza oraz ordynariusza.<\/li>\n<\/ul>\n","protected":false},"excerpt":{"rendered":"<p>Zapisanie si\u0119 do parafii Parafie w Polsce maj\u0105 charakter terytorialny, w takim znaczeniu, \u017ce do parafii nale\u017c\u0105 wszystkie osoby, kt\u00f3re zamieszkuj\u0105 w jej granicach administracyjnych. Chodzi tu nie tyle o zameldowanie (co wiemy z do\u015bwiadczenia cz\u0119sto jest fikcj\u0105), ale o faktyczne zamieszkanie. To sta\u0142e lub tymczasowe zamieszkanie traci si\u0119 przez odej\u015bcie z miejsca po\u0142\u0105czone z [&hellip;]<\/p>\n","protected":false},"author":2,"featured_media":0,"parent":0,"menu_order":0,"comment_status":"closed","ping_status":"closed","template":"","meta":[],"_links":{"self":[{"href":"http:\/\/www.swjanzakrzow.archidiecezja.wroc.pl\/index.php?rest_route=\/wp\/v2\/pages\/1325"}],"collection":[{"href":"http:\/\/www.swjanzakrzow.archidiecezja.wroc.pl\/index.php?rest_route=\/wp\/v2\/pages"}],"about":[{"href":"http:\/\/www.swjanzakrzow.archidiecezja.wroc.pl\/index.php?rest_route=\/wp\/v2\/types\/page"}],"author":[{"embeddable":true,"href":"http:\/\/www.swjanzakrzow.archidiecezja.wroc.pl\/index.php?rest_route=\/wp\/v2\/users\/2"}],"replies":[{"embeddable":true,"href":"http:\/\/www.swjanzakrzow.archidiecezja.wroc.pl\/index.php?rest_route=%2Fwp%2Fv2%2Fcomments&post=1325"}],"version-history":[{"count":1,"href":"http:\/\/www.swjanzakrzow.archidiecezja.wroc.pl\/index.php?rest_route=\/wp\/v2\/pages\/1325\/revisions"}],"predecessor-version":[{"id":1326,"href":"http:\/\/www.swjanzakrzow.archidiecezja.wroc.pl\/index.php?rest_route=\/wp\/v2\/pages\/1325\/revisions\/1326"}],"wp:attachment":[{"href":"http:\/\/www.swjanzakrzow.archidiecezja.wroc.pl\/index.php?rest_route=%2Fwp%2Fv2%2Fmedia&parent=1325"}],"curies":[{"name":"wp","href":"https:\/\/api.w.org\/{rel}","templated":true}]}}