{"id":354,"date":"2021-03-14T21:45:57","date_gmt":"2021-03-14T20:45:57","guid":{"rendered":"http:\/\/www.swjanzakrzow.archidiecezja.wroc.pl\/?page_id=354"},"modified":"2022-11-14T11:26:40","modified_gmt":"2022-11-14T10:26:40","slug":"budowa-organow","status":"publish","type":"page","link":"http:\/\/www.swjanzakrzow.archidiecezja.wroc.pl\/?page_id=354","title":{"rendered":"Budowa organ\u00f3w."},"content":{"rendered":"<p style=\"text-align: justify;\"><em>Parafia \u015bw. Jana Aposto\u0142a we Wroc\u0142awiu-Zakrzowie podj\u0119\u0142a si\u0119 budowy nowego instrumentu piszcza\u0142kowego. Jest to jedno z najwi\u0119kszych i najwa\u017cniejszych przedsi\u0119wzi\u0119\u0107 w historii parafii \u2013 zaraz po przebudowie i wyposa\u017ceniu \u015bwi\u0105tyni \u2013 instrument piszcza\u0142kowy b\u0119dzie ostatnim z element\u00f3w wyposa\u017cenia \u015bwi\u0105tyni. Organy piszcza\u0142kowe w naszym ko\u015bciele, opr\u00f3cz pe\u0142nienia swej podstawowej funkcji liturgicznej, b\u0119d\u0105 tak\u017ce instrumentem koncertowym \u2013 maj\u0105 stanowi\u0107 centrum \u017cycia kulturalnego, a szczeg\u00f3lnie muzycznego. Planowane przez nas dzia\u0142ania artystyczne z pewno\u015bci\u0105 wpisz\u0105 si\u0119 w kulturaln\u0105 map\u0119 Wroc\u0142awia i regionu. <\/em><\/p>\n<p style=\"text-align: justify;\"><em>Koszt budowy opiewa na kwot\u0119 800 tysi\u0119cy z\u0142otych, a sama budowa przewidziana na okres 2 lat, by\u015bmy mogli w 4 kwartale 2022 roku \u015bwi\u0119towa\u0107 jubileusze parafialne. Organy b\u0119d\u0105 wotum wdzi\u0119czno\u015bci za 35 lat istnienia parafii oraz 15 rocznicy uroczystego po\u015bwi\u0119cenia po przebudowie.<\/em><\/p>\n<p><img decoding=\"async\" loading=\"lazy\" class=\"aligncenter wp-image-1460 size-large\" src=\"http:\/\/www.swjanzakrzow.archidiecezja.wroc.pl\/wp-content\/uploads\/2022\/11\/www-i-facebook-tekst-1024x699.jpg\" alt=\"\" width=\"676\" height=\"461\" srcset=\"http:\/\/www.swjanzakrzow.archidiecezja.wroc.pl\/wp-content\/uploads\/2022\/11\/www-i-facebook-tekst-1024x699.jpg 1024w, http:\/\/www.swjanzakrzow.archidiecezja.wroc.pl\/wp-content\/uploads\/2022\/11\/www-i-facebook-tekst-300x205.jpg 300w, http:\/\/www.swjanzakrzow.archidiecezja.wroc.pl\/wp-content\/uploads\/2022\/11\/www-i-facebook-tekst-768x524.jpg 768w, http:\/\/www.swjanzakrzow.archidiecezja.wroc.pl\/wp-content\/uploads\/2022\/11\/www-i-facebook-tekst-676x461.jpg 676w, http:\/\/www.swjanzakrzow.archidiecezja.wroc.pl\/wp-content\/uploads\/2022\/11\/www-i-facebook-tekst.jpg 1303w\" sizes=\"(max-width: 676px) 100vw, 676px\" \/><\/p>\n\n\n<figure class=\"wp-block-gallery has-nested-images columns-default is-cropped wp-block-gallery-1 is-layout-flex\">\n<figure class=\"wp-block-image size-large\"><img decoding=\"async\" loading=\"lazy\" width=\"1024\" height=\"1024\" data-id=\"358\"  src=\"http:\/\/www.swjanzakrzow.archidiecezja.wroc.pl\/wp-content\/uploads\/2021\/03\/rendery-01-1-1024x1024.jpg\" alt=\"\" class=\"wp-image-358\" srcset=\"http:\/\/www.swjanzakrzow.archidiecezja.wroc.pl\/wp-content\/uploads\/2021\/03\/rendery-01-1-1024x1024.jpg 1024w, http:\/\/www.swjanzakrzow.archidiecezja.wroc.pl\/wp-content\/uploads\/2021\/03\/rendery-01-1-300x300.jpg 300w, http:\/\/www.swjanzakrzow.archidiecezja.wroc.pl\/wp-content\/uploads\/2021\/03\/rendery-01-1-150x150.jpg 150w, http:\/\/www.swjanzakrzow.archidiecezja.wroc.pl\/wp-content\/uploads\/2021\/03\/rendery-01-1-768x768.jpg 768w, http:\/\/www.swjanzakrzow.archidiecezja.wroc.pl\/wp-content\/uploads\/2021\/03\/rendery-01-1-1536x1536.jpg 1536w, http:\/\/www.swjanzakrzow.archidiecezja.wroc.pl\/wp-content\/uploads\/2021\/03\/rendery-01-1-2048x2048.jpg 2048w, http:\/\/www.swjanzakrzow.archidiecezja.wroc.pl\/wp-content\/uploads\/2021\/03\/rendery-01-1-676x676.jpg 676w\" sizes=\"(max-width: 1024px) 100vw, 1024px\" \/><\/figure>\n\n\n\n<figure class=\"wp-block-image size-large\"><img decoding=\"async\" loading=\"lazy\" width=\"1024\" height=\"1024\" data-id=\"359\"  src=\"http:\/\/www.swjanzakrzow.archidiecezja.wroc.pl\/wp-content\/uploads\/2021\/03\/rendery-01-2-1024x1024.jpg\" alt=\"\" class=\"wp-image-359\" srcset=\"http:\/\/www.swjanzakrzow.archidiecezja.wroc.pl\/wp-content\/uploads\/2021\/03\/rendery-01-2-1024x1024.jpg 1024w, http:\/\/www.swjanzakrzow.archidiecezja.wroc.pl\/wp-content\/uploads\/2021\/03\/rendery-01-2-300x300.jpg 300w, http:\/\/www.swjanzakrzow.archidiecezja.wroc.pl\/wp-content\/uploads\/2021\/03\/rendery-01-2-150x150.jpg 150w, http:\/\/www.swjanzakrzow.archidiecezja.wroc.pl\/wp-content\/uploads\/2021\/03\/rendery-01-2-768x768.jpg 768w, http:\/\/www.swjanzakrzow.archidiecezja.wroc.pl\/wp-content\/uploads\/2021\/03\/rendery-01-2-1536x1536.jpg 1536w, http:\/\/www.swjanzakrzow.archidiecezja.wroc.pl\/wp-content\/uploads\/2021\/03\/rendery-01-2-2048x2048.jpg 2048w, http:\/\/www.swjanzakrzow.archidiecezja.wroc.pl\/wp-content\/uploads\/2021\/03\/rendery-01-2-676x676.jpg 676w\" sizes=\"(max-width: 1024px) 100vw, 1024px\" \/><\/figure>\n\n\n\n<figure class=\"wp-block-image size-large\"><img decoding=\"async\" loading=\"lazy\" width=\"1024\" height=\"1024\" data-id=\"360\"  src=\"http:\/\/www.swjanzakrzow.archidiecezja.wroc.pl\/wp-content\/uploads\/2021\/03\/rendery-01-4-1024x1024.jpg\" alt=\"\" class=\"wp-image-360\" srcset=\"http:\/\/www.swjanzakrzow.archidiecezja.wroc.pl\/wp-content\/uploads\/2021\/03\/rendery-01-4-1024x1024.jpg 1024w, http:\/\/www.swjanzakrzow.archidiecezja.wroc.pl\/wp-content\/uploads\/2021\/03\/rendery-01-4-300x300.jpg 300w, http:\/\/www.swjanzakrzow.archidiecezja.wroc.pl\/wp-content\/uploads\/2021\/03\/rendery-01-4-150x150.jpg 150w, http:\/\/www.swjanzakrzow.archidiecezja.wroc.pl\/wp-content\/uploads\/2021\/03\/rendery-01-4-768x768.jpg 768w, http:\/\/www.swjanzakrzow.archidiecezja.wroc.pl\/wp-content\/uploads\/2021\/03\/rendery-01-4-1536x1536.jpg 1536w, http:\/\/www.swjanzakrzow.archidiecezja.wroc.pl\/wp-content\/uploads\/2021\/03\/rendery-01-4-2048x2048.jpg 2048w, http:\/\/www.swjanzakrzow.archidiecezja.wroc.pl\/wp-content\/uploads\/2021\/03\/rendery-01-4-676x676.jpg 676w\" sizes=\"(max-width: 1024px) 100vw, 1024px\" \/><\/figure>\n<figcaption class=\"blocks-gallery-caption wp-element-caption\">Wizualizacja<\/figcaption><\/figure>\n\n\n\n<figure class=\"wp-block-gallery has-nested-images columns-default is-cropped wp-block-gallery-3 is-layout-flex\">\n<figure class=\"wp-block-image size-large\"><img decoding=\"async\" loading=\"lazy\" width=\"756\" height=\"1008\" data-id=\"361\"  src=\"http:\/\/www.swjanzakrzow.archidiecezja.wroc.pl\/wp-content\/uploads\/2021\/03\/159815018_872782360246213_2178687642759456863_n.jpg\" alt=\"\" class=\"wp-image-361\" srcset=\"http:\/\/www.swjanzakrzow.archidiecezja.wroc.pl\/wp-content\/uploads\/2021\/03\/159815018_872782360246213_2178687642759456863_n.jpg 756w, http:\/\/www.swjanzakrzow.archidiecezja.wroc.pl\/wp-content\/uploads\/2021\/03\/159815018_872782360246213_2178687642759456863_n-225x300.jpg 225w, http:\/\/www.swjanzakrzow.archidiecezja.wroc.pl\/wp-content\/uploads\/2021\/03\/159815018_872782360246213_2178687642759456863_n-676x901.jpg 676w\" sizes=\"(max-width: 756px) 100vw, 756px\" \/><\/figure>\n\n\n\n<figure class=\"wp-block-image size-large\"><img decoding=\"async\" loading=\"lazy\" width=\"756\" height=\"1008\" data-id=\"362\"  src=\"http:\/\/www.swjanzakrzow.archidiecezja.wroc.pl\/wp-content\/uploads\/2021\/03\/159832200_3088522624708479_7663692257469772464_n.jpg\" alt=\"\" class=\"wp-image-362\" srcset=\"http:\/\/www.swjanzakrzow.archidiecezja.wroc.pl\/wp-content\/uploads\/2021\/03\/159832200_3088522624708479_7663692257469772464_n.jpg 756w, http:\/\/www.swjanzakrzow.archidiecezja.wroc.pl\/wp-content\/uploads\/2021\/03\/159832200_3088522624708479_7663692257469772464_n-225x300.jpg 225w, http:\/\/www.swjanzakrzow.archidiecezja.wroc.pl\/wp-content\/uploads\/2021\/03\/159832200_3088522624708479_7663692257469772464_n-676x901.jpg 676w\" sizes=\"(max-width: 756px) 100vw, 756px\" \/><\/figure>\n\n\n\n<figure class=\"wp-block-image size-large\"><img decoding=\"async\" loading=\"lazy\" width=\"756\" height=\"1008\" data-id=\"363\"  src=\"http:\/\/www.swjanzakrzow.archidiecezja.wroc.pl\/wp-content\/uploads\/2021\/03\/159846352_1065448967285894_1764387025828385318_n.jpg\" alt=\"\" class=\"wp-image-363\" srcset=\"http:\/\/www.swjanzakrzow.archidiecezja.wroc.pl\/wp-content\/uploads\/2021\/03\/159846352_1065448967285894_1764387025828385318_n.jpg 756w, http:\/\/www.swjanzakrzow.archidiecezja.wroc.pl\/wp-content\/uploads\/2021\/03\/159846352_1065448967285894_1764387025828385318_n-225x300.jpg 225w, http:\/\/www.swjanzakrzow.archidiecezja.wroc.pl\/wp-content\/uploads\/2021\/03\/159846352_1065448967285894_1764387025828385318_n-676x901.jpg 676w\" sizes=\"(max-width: 756px) 100vw, 756px\" \/><\/figure>\n\n\n\n<figure class=\"wp-block-image size-large\"><img decoding=\"async\" loading=\"lazy\" width=\"756\" height=\"1008\" data-id=\"364\"  src=\"http:\/\/www.swjanzakrzow.archidiecezja.wroc.pl\/wp-content\/uploads\/2021\/03\/159887323_898385530960024_6832525212922799849_n.jpg\" alt=\"\" class=\"wp-image-364\" srcset=\"http:\/\/www.swjanzakrzow.archidiecezja.wroc.pl\/wp-content\/uploads\/2021\/03\/159887323_898385530960024_6832525212922799849_n.jpg 756w, http:\/\/www.swjanzakrzow.archidiecezja.wroc.pl\/wp-content\/uploads\/2021\/03\/159887323_898385530960024_6832525212922799849_n-225x300.jpg 225w, http:\/\/www.swjanzakrzow.archidiecezja.wroc.pl\/wp-content\/uploads\/2021\/03\/159887323_898385530960024_6832525212922799849_n-676x901.jpg 676w\" sizes=\"(max-width: 756px) 100vw, 756px\" \/><\/figure>\n\n\n\n<figure class=\"wp-block-image size-large\"><img decoding=\"async\" loading=\"lazy\" width=\"756\" height=\"1008\" data-id=\"365\"  src=\"http:\/\/www.swjanzakrzow.archidiecezja.wroc.pl\/wp-content\/uploads\/2021\/03\/159922591_150397923618815_1735112399519830772_n.jpg\" alt=\"\" class=\"wp-image-365\" srcset=\"http:\/\/www.swjanzakrzow.archidiecezja.wroc.pl\/wp-content\/uploads\/2021\/03\/159922591_150397923618815_1735112399519830772_n.jpg 756w, http:\/\/www.swjanzakrzow.archidiecezja.wroc.pl\/wp-content\/uploads\/2021\/03\/159922591_150397923618815_1735112399519830772_n-225x300.jpg 225w, http:\/\/www.swjanzakrzow.archidiecezja.wroc.pl\/wp-content\/uploads\/2021\/03\/159922591_150397923618815_1735112399519830772_n-676x901.jpg 676w\" sizes=\"(max-width: 756px) 100vw, 756px\" \/><\/figure>\n\n\n\n<figure class=\"wp-block-image size-large\"><img decoding=\"async\" loading=\"lazy\" width=\"756\" height=\"1008\" data-id=\"366\"  src=\"http:\/\/www.swjanzakrzow.archidiecezja.wroc.pl\/wp-content\/uploads\/2021\/03\/159958419_135858458445979_4255127113470363332_n.jpg\" alt=\"\" class=\"wp-image-366\" srcset=\"http:\/\/www.swjanzakrzow.archidiecezja.wroc.pl\/wp-content\/uploads\/2021\/03\/159958419_135858458445979_4255127113470363332_n.jpg 756w, http:\/\/www.swjanzakrzow.archidiecezja.wroc.pl\/wp-content\/uploads\/2021\/03\/159958419_135858458445979_4255127113470363332_n-225x300.jpg 225w, http:\/\/www.swjanzakrzow.archidiecezja.wroc.pl\/wp-content\/uploads\/2021\/03\/159958419_135858458445979_4255127113470363332_n-676x901.jpg 676w\" sizes=\"(max-width: 756px) 100vw, 756px\" \/><\/figure>\n\n\n\n<figure class=\"wp-block-image size-large\"><img decoding=\"async\" loading=\"lazy\" width=\"756\" height=\"1008\" data-id=\"367\"  src=\"http:\/\/www.swjanzakrzow.archidiecezja.wroc.pl\/wp-content\/uploads\/2021\/03\/160014212_438116584078318_5865795829904557808_n.jpg\" alt=\"\" class=\"wp-image-367\" srcset=\"http:\/\/www.swjanzakrzow.archidiecezja.wroc.pl\/wp-content\/uploads\/2021\/03\/160014212_438116584078318_5865795829904557808_n.jpg 756w, http:\/\/www.swjanzakrzow.archidiecezja.wroc.pl\/wp-content\/uploads\/2021\/03\/160014212_438116584078318_5865795829904557808_n-225x300.jpg 225w, http:\/\/www.swjanzakrzow.archidiecezja.wroc.pl\/wp-content\/uploads\/2021\/03\/160014212_438116584078318_5865795829904557808_n-676x901.jpg 676w\" sizes=\"(max-width: 756px) 100vw, 756px\" \/><\/figure>\n\n\n\n<figure class=\"wp-block-image size-large\"><img decoding=\"async\" loading=\"lazy\" width=\"1008\" height=\"756\" data-id=\"368\"  src=\"http:\/\/www.swjanzakrzow.archidiecezja.wroc.pl\/wp-content\/uploads\/2021\/03\/160054385_284957426408518_3379147795241275842_n.jpg\" alt=\"\" class=\"wp-image-368\" srcset=\"http:\/\/www.swjanzakrzow.archidiecezja.wroc.pl\/wp-content\/uploads\/2021\/03\/160054385_284957426408518_3379147795241275842_n.jpg 1008w, http:\/\/www.swjanzakrzow.archidiecezja.wroc.pl\/wp-content\/uploads\/2021\/03\/160054385_284957426408518_3379147795241275842_n-300x225.jpg 300w, http:\/\/www.swjanzakrzow.archidiecezja.wroc.pl\/wp-content\/uploads\/2021\/03\/160054385_284957426408518_3379147795241275842_n-768x576.jpg 768w, http:\/\/www.swjanzakrzow.archidiecezja.wroc.pl\/wp-content\/uploads\/2021\/03\/160054385_284957426408518_3379147795241275842_n-676x507.jpg 676w\" sizes=\"(max-width: 1008px) 100vw, 1008px\" \/><\/figure>\n\n\n\n<figure class=\"wp-block-image size-large\"><img decoding=\"async\" loading=\"lazy\" width=\"756\" height=\"1008\" data-id=\"369\"  src=\"http:\/\/www.swjanzakrzow.archidiecezja.wroc.pl\/wp-content\/uploads\/2021\/03\/160167181_1528562064016034_1649244917010956567_n.jpg\" alt=\"\" class=\"wp-image-369\" srcset=\"http:\/\/www.swjanzakrzow.archidiecezja.wroc.pl\/wp-content\/uploads\/2021\/03\/160167181_1528562064016034_1649244917010956567_n.jpg 756w, http:\/\/www.swjanzakrzow.archidiecezja.wroc.pl\/wp-content\/uploads\/2021\/03\/160167181_1528562064016034_1649244917010956567_n-225x300.jpg 225w, http:\/\/www.swjanzakrzow.archidiecezja.wroc.pl\/wp-content\/uploads\/2021\/03\/160167181_1528562064016034_1649244917010956567_n-676x901.jpg 676w\" sizes=\"(max-width: 756px) 100vw, 756px\" \/><\/figure>\n\n\n\n<figure class=\"wp-block-image size-large\"><img decoding=\"async\" loading=\"lazy\" width=\"756\" height=\"1008\" data-id=\"370\"  src=\"http:\/\/www.swjanzakrzow.archidiecezja.wroc.pl\/wp-content\/uploads\/2021\/03\/160293879_2853259998223216_6952898393413433730_n.jpg\" alt=\"\" class=\"wp-image-370\" srcset=\"http:\/\/www.swjanzakrzow.archidiecezja.wroc.pl\/wp-content\/uploads\/2021\/03\/160293879_2853259998223216_6952898393413433730_n.jpg 756w, http:\/\/www.swjanzakrzow.archidiecezja.wroc.pl\/wp-content\/uploads\/2021\/03\/160293879_2853259998223216_6952898393413433730_n-225x300.jpg 225w, http:\/\/www.swjanzakrzow.archidiecezja.wroc.pl\/wp-content\/uploads\/2021\/03\/160293879_2853259998223216_6952898393413433730_n-676x901.jpg 676w\" sizes=\"(max-width: 756px) 100vw, 756px\" \/><\/figure>\n\n\n\n<figure class=\"wp-block-image size-large\"><img decoding=\"async\" loading=\"lazy\" width=\"756\" height=\"1008\" data-id=\"371\"  src=\"http:\/\/www.swjanzakrzow.archidiecezja.wroc.pl\/wp-content\/uploads\/2021\/03\/160411178_758972514731206_3599718402555339578_n.jpg\" alt=\"\" class=\"wp-image-371\" srcset=\"http:\/\/www.swjanzakrzow.archidiecezja.wroc.pl\/wp-content\/uploads\/2021\/03\/160411178_758972514731206_3599718402555339578_n.jpg 756w, http:\/\/www.swjanzakrzow.archidiecezja.wroc.pl\/wp-content\/uploads\/2021\/03\/160411178_758972514731206_3599718402555339578_n-225x300.jpg 225w, http:\/\/www.swjanzakrzow.archidiecezja.wroc.pl\/wp-content\/uploads\/2021\/03\/160411178_758972514731206_3599718402555339578_n-676x901.jpg 676w\" sizes=\"(max-width: 756px) 100vw, 756px\" \/><\/figure>\n<figcaption class=\"blocks-gallery-caption wp-element-caption\">Pierwsze miechy&#8230; Pierwsze g\u0142osy&#8230;.<\/figcaption><\/figure>\n\n\n\n<figure class=\"wp-block-gallery has-nested-images columns-default is-cropped wp-block-gallery-5 is-layout-flex\">\n<figure class=\"wp-block-image size-large\"><img decoding=\"async\" loading=\"lazy\" width=\"724\" height=\"1024\" data-id=\"415\"  src=\"http:\/\/www.swjanzakrzow.archidiecezja.wroc.pl\/wp-content\/uploads\/2021\/04\/finansowanie-1-724x1024.jpg\" alt=\"\" class=\"wp-image-415\" srcset=\"http:\/\/www.swjanzakrzow.archidiecezja.wroc.pl\/wp-content\/uploads\/2021\/04\/finansowanie-1-724x1024.jpg 724w, http:\/\/www.swjanzakrzow.archidiecezja.wroc.pl\/wp-content\/uploads\/2021\/04\/finansowanie-1-212x300.jpg 212w, http:\/\/www.swjanzakrzow.archidiecezja.wroc.pl\/wp-content\/uploads\/2021\/04\/finansowanie-1-768x1086.jpg 768w, http:\/\/www.swjanzakrzow.archidiecezja.wroc.pl\/wp-content\/uploads\/2021\/04\/finansowanie-1-1086x1536.jpg 1086w, http:\/\/www.swjanzakrzow.archidiecezja.wroc.pl\/wp-content\/uploads\/2021\/04\/finansowanie-1-1448x2048.jpg 1448w, http:\/\/www.swjanzakrzow.archidiecezja.wroc.pl\/wp-content\/uploads\/2021\/04\/finansowanie-1-676x956.jpg 676w, http:\/\/www.swjanzakrzow.archidiecezja.wroc.pl\/wp-content\/uploads\/2021\/04\/finansowanie-1.jpg 1654w\" sizes=\"(max-width: 724px) 100vw, 724px\" \/><\/figure>\n\n\n\n<figure class=\"wp-block-image size-large\"><img decoding=\"async\" loading=\"lazy\" width=\"724\" height=\"1024\" data-id=\"416\"  src=\"http:\/\/www.swjanzakrzow.archidiecezja.wroc.pl\/wp-content\/uploads\/2021\/04\/finansowanie-2-724x1024.jpg\" alt=\"\" class=\"wp-image-416\" srcset=\"http:\/\/www.swjanzakrzow.archidiecezja.wroc.pl\/wp-content\/uploads\/2021\/04\/finansowanie-2-724x1024.jpg 724w, http:\/\/www.swjanzakrzow.archidiecezja.wroc.pl\/wp-content\/uploads\/2021\/04\/finansowanie-2-212x300.jpg 212w, http:\/\/www.swjanzakrzow.archidiecezja.wroc.pl\/wp-content\/uploads\/2021\/04\/finansowanie-2-768x1086.jpg 768w, http:\/\/www.swjanzakrzow.archidiecezja.wroc.pl\/wp-content\/uploads\/2021\/04\/finansowanie-2-1086x1536.jpg 1086w, http:\/\/www.swjanzakrzow.archidiecezja.wroc.pl\/wp-content\/uploads\/2021\/04\/finansowanie-2-1448x2048.jpg 1448w, http:\/\/www.swjanzakrzow.archidiecezja.wroc.pl\/wp-content\/uploads\/2021\/04\/finansowanie-2-676x956.jpg 676w, http:\/\/www.swjanzakrzow.archidiecezja.wroc.pl\/wp-content\/uploads\/2021\/04\/finansowanie-2.jpg 1654w\" sizes=\"(max-width: 724px) 100vw, 724px\" \/><\/figure>\n<\/figure>\n\n\n\n<figure class=\"wp-block-gallery has-nested-images columns-default is-cropped wp-block-gallery-7 is-layout-flex\">\n<figure class=\"wp-block-image size-large\"><img decoding=\"async\" loading=\"lazy\" width=\"756\" height=\"1008\" data-id=\"418\"  src=\"http:\/\/www.swjanzakrzow.archidiecezja.wroc.pl\/wp-content\/uploads\/2021\/04\/173935303_743751419667589_4807672214184808922_n.jpg\" alt=\"\" class=\"wp-image-418\" srcset=\"http:\/\/www.swjanzakrzow.archidiecezja.wroc.pl\/wp-content\/uploads\/2021\/04\/173935303_743751419667589_4807672214184808922_n.jpg 756w, http:\/\/www.swjanzakrzow.archidiecezja.wroc.pl\/wp-content\/uploads\/2021\/04\/173935303_743751419667589_4807672214184808922_n-225x300.jpg 225w, http:\/\/www.swjanzakrzow.archidiecezja.wroc.pl\/wp-content\/uploads\/2021\/04\/173935303_743751419667589_4807672214184808922_n-676x901.jpg 676w\" sizes=\"(max-width: 756px) 100vw, 756px\" \/><\/figure>\n\n\n\n<figure class=\"wp-block-image size-large\"><img decoding=\"async\" loading=\"lazy\" width=\"907\" height=\"680\" data-id=\"419\"  src=\"http:\/\/www.swjanzakrzow.archidiecezja.wroc.pl\/wp-content\/uploads\/2021\/04\/174004662_834451060482195_6593818027674245048_n.jpg\" alt=\"\" class=\"wp-image-419\" srcset=\"http:\/\/www.swjanzakrzow.archidiecezja.wroc.pl\/wp-content\/uploads\/2021\/04\/174004662_834451060482195_6593818027674245048_n.jpg 907w, http:\/\/www.swjanzakrzow.archidiecezja.wroc.pl\/wp-content\/uploads\/2021\/04\/174004662_834451060482195_6593818027674245048_n-300x225.jpg 300w, http:\/\/www.swjanzakrzow.archidiecezja.wroc.pl\/wp-content\/uploads\/2021\/04\/174004662_834451060482195_6593818027674245048_n-768x576.jpg 768w, http:\/\/www.swjanzakrzow.archidiecezja.wroc.pl\/wp-content\/uploads\/2021\/04\/174004662_834451060482195_6593818027674245048_n-676x507.jpg 676w\" sizes=\"(max-width: 907px) 100vw, 907px\" \/><\/figure>\n\n\n\n<figure class=\"wp-block-image size-large\"><img decoding=\"async\" loading=\"lazy\" width=\"756\" height=\"1008\" data-id=\"420\"  src=\"http:\/\/www.swjanzakrzow.archidiecezja.wroc.pl\/wp-content\/uploads\/2021\/04\/174035778_3044988402398582_3115158099237448392_n.jpg\" alt=\"\" class=\"wp-image-420\" srcset=\"http:\/\/www.swjanzakrzow.archidiecezja.wroc.pl\/wp-content\/uploads\/2021\/04\/174035778_3044988402398582_3115158099237448392_n.jpg 756w, http:\/\/www.swjanzakrzow.archidiecezja.wroc.pl\/wp-content\/uploads\/2021\/04\/174035778_3044988402398582_3115158099237448392_n-225x300.jpg 225w, http:\/\/www.swjanzakrzow.archidiecezja.wroc.pl\/wp-content\/uploads\/2021\/04\/174035778_3044988402398582_3115158099237448392_n-676x901.jpg 676w\" sizes=\"(max-width: 756px) 100vw, 756px\" \/><\/figure>\n\n\n\n<figure class=\"wp-block-image size-large\"><img decoding=\"async\" loading=\"lazy\" width=\"1008\" height=\"756\" data-id=\"421\"  src=\"http:\/\/www.swjanzakrzow.archidiecezja.wroc.pl\/wp-content\/uploads\/2021\/04\/174506199_283928646652471_3255405179394060949_n.jpg\" alt=\"\" class=\"wp-image-421\" srcset=\"http:\/\/www.swjanzakrzow.archidiecezja.wroc.pl\/wp-content\/uploads\/2021\/04\/174506199_283928646652471_3255405179394060949_n.jpg 1008w, http:\/\/www.swjanzakrzow.archidiecezja.wroc.pl\/wp-content\/uploads\/2021\/04\/174506199_283928646652471_3255405179394060949_n-300x225.jpg 300w, http:\/\/www.swjanzakrzow.archidiecezja.wroc.pl\/wp-content\/uploads\/2021\/04\/174506199_283928646652471_3255405179394060949_n-768x576.jpg 768w, http:\/\/www.swjanzakrzow.archidiecezja.wroc.pl\/wp-content\/uploads\/2021\/04\/174506199_283928646652471_3255405179394060949_n-676x507.jpg 676w\" sizes=\"(max-width: 1008px) 100vw, 1008px\" \/><\/figure>\n\n\n\n<figure class=\"wp-block-image size-large\"><img decoding=\"async\" loading=\"lazy\" width=\"756\" height=\"1008\" data-id=\"422\"  src=\"http:\/\/www.swjanzakrzow.archidiecezja.wroc.pl\/wp-content\/uploads\/2021\/04\/174600857_1064570370718108_6304775953020414935_n.jpg\" alt=\"\" class=\"wp-image-422\" srcset=\"http:\/\/www.swjanzakrzow.archidiecezja.wroc.pl\/wp-content\/uploads\/2021\/04\/174600857_1064570370718108_6304775953020414935_n.jpg 756w, http:\/\/www.swjanzakrzow.archidiecezja.wroc.pl\/wp-content\/uploads\/2021\/04\/174600857_1064570370718108_6304775953020414935_n-225x300.jpg 225w, http:\/\/www.swjanzakrzow.archidiecezja.wroc.pl\/wp-content\/uploads\/2021\/04\/174600857_1064570370718108_6304775953020414935_n-676x901.jpg 676w\" sizes=\"(max-width: 756px) 100vw, 756px\" \/><\/figure>\n\n\n\n<figure class=\"wp-block-image size-large\"><img decoding=\"async\" loading=\"lazy\" width=\"756\" height=\"1008\" data-id=\"423\"  src=\"http:\/\/www.swjanzakrzow.archidiecezja.wroc.pl\/wp-content\/uploads\/2021\/04\/174772689_1084067428781596_6499316697372349024_n.jpg\" alt=\"\" class=\"wp-image-423\" srcset=\"http:\/\/www.swjanzakrzow.archidiecezja.wroc.pl\/wp-content\/uploads\/2021\/04\/174772689_1084067428781596_6499316697372349024_n.jpg 756w, http:\/\/www.swjanzakrzow.archidiecezja.wroc.pl\/wp-content\/uploads\/2021\/04\/174772689_1084067428781596_6499316697372349024_n-225x300.jpg 225w, http:\/\/www.swjanzakrzow.archidiecezja.wroc.pl\/wp-content\/uploads\/2021\/04\/174772689_1084067428781596_6499316697372349024_n-676x901.jpg 676w\" sizes=\"(max-width: 756px) 100vw, 756px\" \/><\/figure>\n<figcaption class=\"blocks-gallery-caption wp-element-caption\">Kolejna wiatrownica&#8230;.. Kolejne piszcza\u0142ki&#8230;..<\/figcaption><\/figure>\n","protected":false},"excerpt":{"rendered":"<p>Parafia \u015bw. Jana Aposto\u0142a we Wroc\u0142awiu-Zakrzowie podj\u0119\u0142a si\u0119 budowy nowego instrumentu piszcza\u0142kowego. Jest to jedno z najwi\u0119kszych i najwa\u017cniejszych przedsi\u0119wzi\u0119\u0107 w historii parafii \u2013 zaraz po przebudowie i wyposa\u017ceniu \u015bwi\u0105tyni \u2013 instrument piszcza\u0142kowy b\u0119dzie ostatnim z element\u00f3w wyposa\u017cenia \u015bwi\u0105tyni. Organy piszcza\u0142kowe w naszym ko\u015bciele, opr\u00f3cz pe\u0142nienia swej podstawowej funkcji liturgicznej, b\u0119d\u0105 tak\u017ce instrumentem koncertowym \u2013 [&hellip;]<\/p>\n","protected":false},"author":2,"featured_media":0,"parent":0,"menu_order":0,"comment_status":"closed","ping_status":"closed","template":"","meta":[],"_links":{"self":[{"href":"http:\/\/www.swjanzakrzow.archidiecezja.wroc.pl\/index.php?rest_route=\/wp\/v2\/pages\/354"}],"collection":[{"href":"http:\/\/www.swjanzakrzow.archidiecezja.wroc.pl\/index.php?rest_route=\/wp\/v2\/pages"}],"about":[{"href":"http:\/\/www.swjanzakrzow.archidiecezja.wroc.pl\/index.php?rest_route=\/wp\/v2\/types\/page"}],"author":[{"embeddable":true,"href":"http:\/\/www.swjanzakrzow.archidiecezja.wroc.pl\/index.php?rest_route=\/wp\/v2\/users\/2"}],"replies":[{"embeddable":true,"href":"http:\/\/www.swjanzakrzow.archidiecezja.wroc.pl\/index.php?rest_route=%2Fwp%2Fv2%2Fcomments&post=354"}],"version-history":[{"count":7,"href":"http:\/\/www.swjanzakrzow.archidiecezja.wroc.pl\/index.php?rest_route=\/wp\/v2\/pages\/354\/revisions"}],"predecessor-version":[{"id":1463,"href":"http:\/\/www.swjanzakrzow.archidiecezja.wroc.pl\/index.php?rest_route=\/wp\/v2\/pages\/354\/revisions\/1463"}],"wp:attachment":[{"href":"http:\/\/www.swjanzakrzow.archidiecezja.wroc.pl\/index.php?rest_route=%2Fwp%2Fv2%2Fmedia&parent=354"}],"curies":[{"name":"wp","href":"https:\/\/api.w.org\/{rel}","templated":true}]}}