{"id":71,"date":"2020-12-11T16:56:08","date_gmt":"2020-12-11T15:56:08","guid":{"rendered":"http:\/\/www.swjanzakrzow.archidiecezja.wroc.pl\/?page_id=71"},"modified":"2020-12-11T22:21:11","modified_gmt":"2020-12-11T21:21:11","slug":"chrest","status":"publish","type":"page","link":"http:\/\/www.swjanzakrzow.archidiecezja.wroc.pl\/?page_id=71","title":{"rendered":"CHRZEST"},"content":{"rendered":"<p style=\"text-align: justify;\"><img decoding=\"async\" loading=\"lazy\" class=\"size-medium wp-image-137 alignleft\" src=\"http:\/\/www.swjanzakrzow.archidiecezja.wroc.pl\/wp-content\/uploads\/2020\/12\/naklejka-na-folii-chrzest-swiety-300x300.jpg\" alt=\"\" width=\"300\" height=\"300\" srcset=\"http:\/\/www.swjanzakrzow.archidiecezja.wroc.pl\/wp-content\/uploads\/2020\/12\/naklejka-na-folii-chrzest-swiety-300x300.jpg 300w, http:\/\/www.swjanzakrzow.archidiecezja.wroc.pl\/wp-content\/uploads\/2020\/12\/naklejka-na-folii-chrzest-swiety-150x150.jpg 150w, http:\/\/www.swjanzakrzow.archidiecezja.wroc.pl\/wp-content\/uploads\/2020\/12\/naklejka-na-folii-chrzest-swiety.jpg 458w\" sizes=\"(max-width: 300px) 100vw, 300px\" \/>Czy\u017c nie wiadomo wam, \u017ce my wszyscy, kt\u00f3rzy\u015bmy otrzymali chrzest zanurzaj\u0105cy w Chrystusa Jezusa, zostali\u015bmy zanurzeni w Jego \u015bmier\u0107? Zatem przez chrzest zanurzaj\u0105cy nas w \u015bmier\u0107 zostali\u015bmy razem z Nim pogrzebani po to, aby\u015bmy i my wkroczyli w nowe \u017cycie \u2013 jak Chrystus powsta\u0142 z martwych dzi\u0119ki chwale Ojca. (Rz 6, 3 \u2013 4)<\/p>\n<p style=\"text-align: justify;\">Chrzest \u015bwi\u0119ty jest pierwszym sakramentem, jakiego udziela si\u0119 w Ko\u015bciele katolickim. Mo\u017cna powiedzie\u0107, \u017ce jest on niejako \u201ebram\u0105\u201d prowadz\u0105c\u0105 do przyjmowania innych sakrament\u00f3w. Bez wa\u017cnie udzielonego chrztu nie mo\u017cna przyj\u0105\u0107 wa\u017cnie \u017cadnego innego sakramentu. Jest to sakrament, kt\u00f3rego udziela si\u0119 tylko raz w \u017cyciu. Pozostawia on na ochrzczonym niezatarte znami\u0119, dlatego chrztu \u015bwi\u0119tego nie mo\u017cna po jego udzieleniu odwo\u0142a\u0107 ani uniewa\u017cni\u0107. Na zawsze pozostaje si\u0119 osob\u0105 ochrzczon\u0105. St\u0105d decyzja o chrzcie \u015bwi\u0119tym, kt\u00f3r\u0105 zazwyczaj podejmuj\u0105 rodzice ma\u0142ego dziecka, jest bardzo odpowiedzialna. Przez swoj\u0105 decyzj\u0119 rodzice wprowadzaj\u0105 dziecko we wsp\u00f3lnot\u0119 ochrzczonych. Musz\u0105 zatem zdawa\u0107 sobie spraw\u0119 z powagi wydarzenia i konsekwencji jakie z niego wynikaj\u0105. Chrzest jest \u201ezanurzeniem\u201d w Chrystusa \u2013 w moc Jego \u015bmierci i zmartwychwstania, przez kt\u00f3re pokona\u0142 \u015bmier\u0107 i grzech. Dla podkre\u015blenia zwi\u0105zku Chrztu ze zmartwychwstaniem Jezusa, zazwyczaj udziela si\u0119 go w niedziel\u0119. Sakrament Chrztu jest te\u017c aktem przyj\u0119cia do wsp\u00f3lnoty Ko\u015bcio\u0142a, dlatego zazwyczaj odbywa si\u0119 podczas parafialnej Mszy \u015bwi\u0119tej.<\/p>\n<p style=\"text-align: justify;\">W naszej parafii chrzty odbywaj\u0105 si\u0119 w <strong>ka\u017cd\u0105 II niedziel\u0119 miesi\u0105ca<\/strong> podczas mszy \u015bw. <strong>o godz. 13:15<\/strong> Aby zg\u0142osi\u0107 dziecko do chrztu nale\u017cy przed\u0142o\u017cy\u0107 w kancelarii parafialnej:<\/p>\n<ul>\n<li style=\"text-align: justify;\">akt urodzenia dziecka z USC;<\/li>\n<li style=\"text-align: justify;\">dowody osobiste rodzic\u00f3w;<\/li>\n<li style=\"text-align: justify;\">za\u015bwiadczenia rodzic\u00f3w chrzestnych (je\u017celi nale\u017c\u0105 do innej parafii) oraz poda\u0107 ich rok urodzenia i pe\u0142ny adres zamieszkania;<\/li>\n<li style=\"text-align: justify;\">Rodzice, lub rodzice chrzestni powinni postara\u0107 si\u0119 o \u015bwiec\u0119 i bia\u0142\u0105 szat\u0119 dla dziecka.<\/li>\n<\/ul>\n","protected":false},"excerpt":{"rendered":"<p>Czy\u017c nie wiadomo wam, \u017ce my wszyscy, kt\u00f3rzy\u015bmy otrzymali chrzest zanurzaj\u0105cy w Chrystusa Jezusa, zostali\u015bmy zanurzeni w Jego \u015bmier\u0107? Zatem przez chrzest zanurzaj\u0105cy nas w \u015bmier\u0107 zostali\u015bmy razem z Nim pogrzebani po to, aby\u015bmy i my wkroczyli w nowe \u017cycie \u2013 jak Chrystus powsta\u0142 z martwych dzi\u0119ki chwale Ojca. (Rz 6, 3 \u2013 4) Chrzest [&hellip;]<\/p>\n","protected":false},"author":2,"featured_media":0,"parent":0,"menu_order":0,"comment_status":"closed","ping_status":"closed","template":"","meta":[],"_links":{"self":[{"href":"http:\/\/www.swjanzakrzow.archidiecezja.wroc.pl\/index.php?rest_route=\/wp\/v2\/pages\/71"}],"collection":[{"href":"http:\/\/www.swjanzakrzow.archidiecezja.wroc.pl\/index.php?rest_route=\/wp\/v2\/pages"}],"about":[{"href":"http:\/\/www.swjanzakrzow.archidiecezja.wroc.pl\/index.php?rest_route=\/wp\/v2\/types\/page"}],"author":[{"embeddable":true,"href":"http:\/\/www.swjanzakrzow.archidiecezja.wroc.pl\/index.php?rest_route=\/wp\/v2\/users\/2"}],"replies":[{"embeddable":true,"href":"http:\/\/www.swjanzakrzow.archidiecezja.wroc.pl\/index.php?rest_route=%2Fwp%2Fv2%2Fcomments&post=71"}],"version-history":[{"count":3,"href":"http:\/\/www.swjanzakrzow.archidiecezja.wroc.pl\/index.php?rest_route=\/wp\/v2\/pages\/71\/revisions"}],"predecessor-version":[{"id":138,"href":"http:\/\/www.swjanzakrzow.archidiecezja.wroc.pl\/index.php?rest_route=\/wp\/v2\/pages\/71\/revisions\/138"}],"wp:attachment":[{"href":"http:\/\/www.swjanzakrzow.archidiecezja.wroc.pl\/index.php?rest_route=%2Fwp%2Fv2%2Fmedia&parent=71"}],"curies":[{"name":"wp","href":"https:\/\/api.w.org\/{rel}","templated":true}]}}